{"id":83,"date":"2011-12-22T21:15:13","date_gmt":"2011-12-22T21:15:13","guid":{"rendered":"http:\/\/www.escritorescantabros.com\/?page_id=83"},"modified":"2012-01-18T18:44:05","modified_gmt":"2012-01-18T18:44:05","slug":"bibliografia","status":"publish","type":"page","link":"https:\/\/www.escritorescantabros.com\/?page_id=83","title":{"rendered":"Bibliograf\u00eda"},"content":{"rendered":"<p>CANALES RUIZ, Jes\u00fas. <em>Cien c\u00e1ntabros en M\u00e9xico<\/em>. Asamblea Regional de Cantabria. Santander, 1990.<\/p>\n<p>COSS\u00cdO, Jos\u00e9 Mar\u00eda de. <em>Estudios sobre escritores monta\u00f1eses<\/em>. Ediciones Librer\u00eda Estudio. Santander, 2003.<\/p>\n<p>CRESPO L\u00d3PEZ, Mario. <em>Jos\u00e9 Mar\u00eda de Coss\u00edo. Vida hasta la Guerra Civil (1892-1939).<\/em> Icom Global, S. L. Malia\u00f1o (Cantabria), 2010.<\/p>\n<p>D\u00cdEZ DE REVENGA, Francisco Javier. <em>Jos\u00e9 Ram\u00f3n Lomba y Pedraja. <\/em>Revista electr\u00f3nica <em>Perfiles<\/em>. N\u00famero 13. Murcia, julio de 2007.<\/p>\n<p>D\u00cdEZ DE REVENGA, Francisco Javier. <em>Jos\u00e9 Ram\u00f3n Lomba y Pedraja, de la filolog\u00eda, la erudici\u00f3n y la cr\u00edtica literaria<\/em>. Universidad de Murcia.<\/p>\n<p>GARC\u00cdA-OLIVA, Mario. <em>La abogac\u00eda en Cantabria. Notas para la historia del Ilustre Colegio de Abogados (1838-1991).<\/em> Ilustre Colegio de Abogados. Santander, 1993.<\/p>\n<p>G\u00d3MEZ SAMPERIO, Ra\u00fal. <em>Ferm\u00edn S\u00e1nchez (Pepe Monta\u00f1a). Semblanza y gu\u00eda period\u00edstica del \u00faltimo rom\u00e1ntico del deporte<\/em>. Colecci\u00f3n Jos\u00e9 Estra\u00f1i. Asociaci\u00f3n de la Prensa de Cantabria. Santander, 2006.<\/p>\n<p>GONZ\u00c1LEZ DE POSADA, Francisco. <em>Cient\u00edficos monta\u00f1eses I. Leonardo Torres Quevedo<\/em>. Amigos de la Cultura Cient\u00edfica. Colegio de Ingenieros de Caminos Canales y Puertos. Fundaci\u00f3n Santillana y Universidad de Cantabria. Santander, 1985.<\/p>\n<p>GONZ\u00c1LEZ DE POSADA, Francisco. <em>Cient\u00edficos monta\u00f1eses II. Augusto Gonz\u00e1lez de Linares y la Oceanograf\u00eda espa\u00f1ola<\/em>. Amigos de la Cultura Cient\u00edfica. Museo Mar\u00edtimo del Cant\u00e1brico. Fundaci\u00f3n Santillana y Universidad de Cantabria. Santander, 1985.<\/p>\n<p>GONZ\u00c1LEZ DE POSADA, Francisco. <em>Cient\u00edficos monta\u00f1eses III. Dos prehistoriadores de rango universal. Marcelino Sanz de Sautuola y Hermilio Alcalde del R\u00edo<\/em>. Amigos de la Cultura Cient\u00edfica. Centro de Investigaci\u00f3n y Museo Altamira. Fundaci\u00f3n Santillana y Universidad de Cantabria. Santander, 1985.<\/p>\n<p>GONZ\u00c1LEZ SERNA, Matilde. <em>Obra po\u00e9tica completa<\/em>. Ediciones Los C\u00e1ntabros. Santander, 2009.<\/p>\n<p>L\u00c1ZARO SERRANO, Jes\u00fas. <em>Historia y antolog\u00eda de escritores de Cantabria.<\/em> Ayuntamiento de Santander y Librer\u00eda Estudio. Santander, 1985.<\/p>\n<p>L\u00c1ZARO SERRANO, Jes\u00fas. <em>Literatura c\u00e1ntabra.<\/em> Ediciones Valnera y Ediciones Estudio. Santander, 2006.<\/p>\n<p>L\u00d3PEZ YEPES, Jos\u00e9 y otros. <em>Cien a\u00f1os de Caja Cantabria.<\/em> Caja Cantabria. Santander, 1999.<\/p>\n<p>MACHADO, Bruno Javier. <em>Cu\u00e9vano de olvidos.<\/em> Centro de Estudios Monta\u00f1eses. Santander, 1999.<\/p>\n<p>MADARIAGA, Benito. <em>Cr\u00f3nica del regionalismo en Cantabria<\/em>. Ediciones Tant\u00edn. Santander, 1986.<\/p>\n<p>MU\u00d1OZ, Vladimiro. &#8216;Vida de Rafael Barrett&#8217;, incluido en <em>Sembrando ideas. Rafael Barret<\/em>. Editorial Rodu. Santander, 1992.<\/p>\n<p>ODRIOZOLA ARGOS, Francisco. <em>Perfiles sacerdotales c\u00e1ntabros del siglo XX<\/em>. Obispado de Santander, 2006.<\/p>\n<p>PEREDA DE LA REGUERA, Manuel.<em> Indianos de Cantabria.<\/em> Instituci\u00f3n Cultural de Cantabria. Santander, 1968.<\/p>\n<p>P\u00c9REZ VEJO, Tom\u00e1s (estudio preliminar). <em>Isidoro de la Fuente P\u00e9rez. Biograf\u00eda de Isidoro de la Fuente P\u00e9rez.<\/em> Colecci\u00f3n Cantabria 4 estaciones. Universidad de Cantabria. Santander, 2009.<\/p>\n<p>POMBO, Pablo. <em>Juan Pombo. Historia empresarial del siglo XIX<\/em>. Ediciones de Librer\u00eda Estudio. Santander, 1999.<\/p>\n<p>RODR\u00cdGUEZ ALCALDE, Leopoldo. <em>Retablo biogr\u00e1fico de monta\u00f1eses ilustres<\/em> (dos tomos). Librer\u00eda Estudio. Santander, 1978.<\/p>\n<p>RODR\u00cdGUEZ VICENTE, Mar\u00eda Encarnaci\u00f3n (coordinadora). <em>Santander y el Nuevo Mundo<\/em>. Centro de Estudios Monta\u00f1eses. Instituci\u00f3n Cultural de Cantabria. Santander, 1977.<\/p>\n<p>SAIZ VIADERO, Jos\u00e9 Ram\u00f3n. <em>Las p\u00e1ginas femeninas de Matilde Zapata<\/em>. Colecci\u00f3n Jos\u00e9 Estra\u00f1i. Asociaci\u00f3n de la Prensa de Cantabria. Santander, 2007.<\/p>\n<p>SAMPERIO MART\u00cdN, Mar\u00eda de los \u00c1ngeles y otros. <em>Cr\u00f3nicas fundacionales de la F.A.P.E<\/em>. Asociaci\u00f3n de la Prensa de Cantabria. Santander, 1989.<\/p>\n<p>SU\u00c1REZ, Alfonso.<em> Alcaldes de Santander (1755-1985).<\/em> Ayuntamiento de Santander, 1986.<\/p>\n<p>VALLEJO DEL CAMPO, Jos\u00e9 Alberto. <em>Los monta\u00f1eses en la Real Academia de la Historia<\/em>. Autoedici\u00f3n. Santander, 1993.<\/p>\n<p>VIERNA GARC\u00cdA, <em>Fernando de. El\u00edas Ortiz de la Torre. Biograf\u00eda<\/em>. Centro de Estudios Monta\u00f1eses. Santander, 2004.<\/p>\n<p>VILLAR PARDO, Leopoldo. <em>Monumentos de Santander. Estatuas, placas y motivos ornamentales<\/em>. Librer\u00eda Estudio. Santander, 1990.<\/p>\n<p><strong>Enciclopedias y diccionarios:<\/strong><\/p>\n<p><em>Gran Enciclopedia de Cantabria<\/em> (ocho tomos y tres anexos), dirigida por Jes\u00fas Pindado. Editorial Cantabria. Santander, 1984 y 2002.<\/p>\n<p><em>\u00bfQui\u00e9n es qui\u00e9n en Cantabria?, <\/em>dirigida por Jos\u00e9 Ram\u00f3n Saiz Viadero<em>. <\/em>Ediciones Tant\u00edn. Santander, 1995.<\/p>\n<p><em>Diccionario de escritores c\u00e9lebres<\/em>, dirigido por Jos\u00e9 Mar\u00eda Mart\u00ednez Cachero. Espasa Calpe. Madrid, 1995.<br \/>\n<em><\/em><\/p>\n<p><em>Diccionario biogr\u00e1fico de los parlamentarios de Cantabria (1813-1901),<\/em> dirigido por Aurora Garrido. Parlamento de Cantabria. Santander, 2006.<\/p>\n<p><strong>Publicaciones peri\u00f3dicas:<\/strong><\/p>\n<p><em>El Diario Monta\u00f1\u00e9s<\/em> (varios n\u00fameros)<\/p>\n<p><em>El Cant\u00e1brico<\/em> (varios n\u00fameros)<\/p>\n<p><em>Alerta<\/em> (varios n\u00fameros)<\/p>\n<p><em>La Revista de Cantabria<\/em> (varios n\u00fameros)<\/p>\n","protected":false},"excerpt":{"rendered":"<p>CANALES RUIZ, Jes\u00fas. Cien c\u00e1ntabros en M\u00e9xico. Asamblea Regional de Cantabria. Santander, 1990. COSS\u00cdO, Jos\u00e9 Mar\u00eda de. Estudios sobre escritores monta\u00f1eses. Ediciones Librer\u00eda Estudio. Santander, 2003. CRESPO L\u00d3PEZ, Mario. Jos\u00e9 Mar\u00eda de Coss\u00edo. Vida hasta la Guerra Civil (1892-1939). Icom &hellip; <a href=\"https:\/\/www.escritorescantabros.com\/?page_id=83\">Sigue leyendo <span class=\"meta-nav\">&rarr;<\/span><\/a><\/p>\n","protected":false},"author":1,"featured_media":0,"parent":0,"menu_order":0,"comment_status":"open","ping_status":"open","template":"","meta":{"footnotes":""},"_links":{"self":[{"href":"https:\/\/www.escritorescantabros.com\/index.php?rest_route=\/wp\/v2\/pages\/83"}],"collection":[{"href":"https:\/\/www.escritorescantabros.com\/index.php?rest_route=\/wp\/v2\/pages"}],"about":[{"href":"https:\/\/www.escritorescantabros.com\/index.php?rest_route=\/wp\/v2\/types\/page"}],"author":[{"embeddable":true,"href":"https:\/\/www.escritorescantabros.com\/index.php?rest_route=\/wp\/v2\/users\/1"}],"replies":[{"embeddable":true,"href":"https:\/\/www.escritorescantabros.com\/index.php?rest_route=%2Fwp%2Fv2%2Fcomments&post=83"}],"version-history":[{"count":16,"href":"https:\/\/www.escritorescantabros.com\/index.php?rest_route=\/wp\/v2\/pages\/83\/revisions"}],"predecessor-version":[{"id":85,"href":"https:\/\/www.escritorescantabros.com\/index.php?rest_route=\/wp\/v2\/pages\/83\/revisions\/85"}],"wp:attachment":[{"href":"https:\/\/www.escritorescantabros.com\/index.php?rest_route=%2Fwp%2Fv2%2Fmedia&parent=83"}],"curies":[{"name":"wp","href":"https:\/\/api.w.org\/{rel}","templated":true}]}}